{"id":655,"date":"2025-07-14T10:41:38","date_gmt":"2025-07-14T08:41:38","guid":{"rendered":"https:\/\/arpeoptica.com\/sitemap\/"},"modified":"2025-07-23T12:11:00","modified_gmt":"2025-07-23T10:11:00","slug":"sitemap","status":"publish","type":"page","link":"https:\/\/arpeoptica.com\/es\/sitemap\/","title":{"rendered":"sitemap"},"content":{"rendered":"<p>[et_pb_section fb_built=\u00bb1&#8243; admin_label=\u00bbHeader\u00bb _builder_version=\u00bb4.22.1&#8243; _module_preset=\u00bbdefault\u00bb custom_padding=\u00bb||0px||false|false\u00bb locked=\u00bboff\u00bb collapsed=\u00bbon\u00bb global_colors_info=\u00bb{}\u00bb][et_pb_row _builder_version=\u00bb4.22.1&#8243; _module_preset=\u00bbdefault\u00bb locked=\u00bboff\u00bb global_colors_info=\u00bb{}\u00bb][et_pb_column type=\u00bb4_4&#8243; _builder_version=\u00bb4.22.1&#8243; _module_preset=\u00bbdefault\u00bb z_index=\u00bb10&#8243; global_colors_info=\u00bb{}\u00bb][et_pb_text _builder_version=\u00bb4.27.4&#8243; _module_preset=\u00bbc5ca35fe-c832-4487-b5b1-6a7a2426ca37&#8243; header_font=\u00bb&#8211;et_global_heading_font||||||||\u00bb header_text_color=\u00bbgcid-primary-color\u00bb header_font_size=\u00bb40px\u00bb header_line_height=\u00bb1.2em\u00bb text_orientation=\u00bbcenter\u00bb custom_margin=\u00bb||10px||false|false\u00bb global_colors_info=\u00bb{%22gcid-primary-color%22:%91%22header_text_color%22%93}\u00bb]<\/p>\n<h1>Mapa Web<\/h1>\n<p>[\/et_pb_text][et_pb_text _builder_version=\u00bb4.27.4&#8243; _module_preset=\u00bbfb48c740-5593-480c-bbbc-79206bdd4326&#8243; text_font=\u00bb&#8211;et_global_body_font|600|||||||\u00bb text_font_size=\u00bb18px\u00bb text_orientation=\u00bbcenter\u00bb hover_enabled=\u00bb0&#8243; global_colors_info=\u00bb{}\u00bb sticky_enabled=\u00bb0&#8243;]<\/p>\n<p>En esta secci\u00f3n puedes encontrar de forma clara y organizada todas las p\u00e1ginas disponibles en la web de Arpe \u00d3ptica. Utiliza este mapa para acceder r\u00e1pidamente a los contenidos que te interesan: servicios, contacto o informaci\u00f3n sobre la \u00f3ptica.<\/p>\n<p>Si navegas en valenciano, tambi\u00e9n puedes acceder al <a href=\"https:\/\/arpeoptica.com\/es\/sitemap\/\">mapa del lloc<\/a> en valenciano.<\/p>\n<p>[\/et_pb_text][\/et_pb_column][\/et_pb_row][\/et_pb_section][et_pb_section fb_built=\u00bb1&#8243; _builder_version=\u00bb4.27.4&#8243; _module_preset=\u00bbdefault\u00bb global_colors_info=\u00bb{}\u00bb][et_pb_row _builder_version=\u00bb4.27.4&#8243; _module_preset=\u00bbdefault\u00bb global_colors_info=\u00bb{}\u00bb][et_pb_column type=\u00bb4_4&#8243; _builder_version=\u00bb4.27.4&#8243; _module_preset=\u00bbdefault\u00bb global_colors_info=\u00bb{}\u00bb][et_pb_text _builder_version=\u00bb4.27.4&#8243; _module_preset=\u00bbdefault\u00bb global_colors_info=\u00bb{}\u00bb]<\/p>\n<section style=\"padding: 2rem 1rem; max-width: 900px; margin: 0 auto;\">\n<ul style=\"list-style: none; padding-left: 0; font-size: 1rem; line-height: 1.6;\">\n<li><a style=\"color: #0a258f;\" href=\"https:\/\/arpeoptica.com\/es\/\">Inicio<\/a><\/li>\n<li><a style=\"color: #0a258f;\" href=\"https:\/\/arpeoptica.com\/es\/sobre-nosotros\/\">Sobre nosotros<\/a><\/li>\n<li><strong>Servicios<\/strong><\/li>\n<\/ul>\n<ul>\n<li><a style=\"color: #0a258f;\" href=\"https:\/\/arpeoptica.com\/es\/revision-visual-completa\/\">Revisi\u00f3n Visual Completa<\/a><\/li>\n<li><a style=\"color: #0a258f;\" href=\"https:\/\/arpeoptica.com\/es\/contactologia-avanzada\/\">Contactolog\u00eda Avanzada<\/a><\/li>\n<li><a style=\"color: #0a258f;\" href=\"https:\/\/arpeoptica.com\/es\/lentes-oftalmicas-personalizadas\/\">Lentes Oft\u00e1lmicas Personalizadas<\/a><\/li>\n<li><a style=\"color: #0a258f;\" href=\"https:\/\/arpeoptica.com\/es\/control-de-la-miopia\/\">Control de la Miop\u00eda<\/a><\/li>\n<\/ul>\n<ul style=\"list-style: none; padding-left: 0; font-size: 1rem; line-height: 1.6;\">\n<li><a href=\"https:\/\/arpeoptica.com\/es\/productos-especializados\/\">Productos Especializados<\/a><\/li>\n<li><a style=\"color: #0a258f;\" href=\"https:\/\/arpeoptica.com\/es\/contacto\/\">Contacto<\/a><\/li>\n<li>\u00a0<\/li>\n<li><a style=\"color: #0a258f;\" href=\"https:\/\/arpeoptica.com\/es\/sitemap\/\">Sitemap<\/a><\/li>\n<li><a style=\"color: #0a258f;\" href=\"https:\/\/arpeoptica.com\/es\/aviso-legal\/\">Aviso legal<\/a><\/li>\n<li><a style=\"color: #0a258f;\" href=\"https:\/\/arpeoptica.com\/es\/politica-privacidad\/\">Pol\u00edtica de privacidad<\/a><\/li>\n<li><a style=\"color: #0a258f;\" href=\"https:\/\/arpeoptica.com\/es\/politica-de-cookies\/\">Pol\u00edtica de cookies<\/a><\/li>\n<\/ul>\n<\/section>\n<p>[\/et_pb_text][\/et_pb_column][\/et_pb_row][\/et_pb_section]<\/p>\n","protected":false},"excerpt":{"rendered":"<p>Mapa WebEn esta secci\u00f3n puedes encontrar de forma clara y organizada todas las p\u00e1ginas disponibles en la web de Arpe \u00d3ptica. Utiliza este mapa para acceder r\u00e1pidamente a los contenidos que te interesan: servicios, contacto o informaci\u00f3n sobre la \u00f3ptica. Si navegas en valenciano, tambi\u00e9n puedes acceder al mapa del lloc en valenciano. Inicio Sobre nosotros Servicios Revisi\u00f3n Visual Completa Contactolog\u00eda Avanzada Lentes Oft\u00e1lmicas Personalizadas Control de la Miop\u00eda Productos Especializados Contacto \u00a0 Sitemap Aviso legal Pol\u00edtica de privacidad Pol\u00edtica de cookies<\/p>\n","protected":false},"author":1,"featured_media":0,"parent":0,"menu_order":0,"comment_status":"closed","ping_status":"closed","template":"","meta":{"_et_pb_use_builder":"on","_et_pb_old_content":"","_et_gb_content_width":"","_joinchat":[],"footnotes":""},"class_list":["post-655","page","type-page","status-publish","hentry"],"yoast_head":"<!-- This site is optimized with the Yoast SEO plugin v27.4 - https:\/\/yoast.com\/product\/yoast-seo-wordpress\/ -->\n<title>Sitemap en castellano | Arpe \u00d3ptica<\/title>\n<meta name=\"description\" content=\"En esta secci\u00f3n puedes encontrar de forma clara y organizada todas las p\u00e1ginas disponibles en la web de Arpe \u00d3ptica en castellano\" \/>\n<meta name=\"robots\" content=\"index, follow, max-snippet:-1, max-image-preview:large, max-video-preview:-1\" \/>\n<link rel=\"canonical\" href=\"https:\/\/arpeoptica.com\/es\/sitemap\/\" \/>\n<meta property=\"og:locale\" content=\"es_ES\" \/>\n<meta property=\"og:type\" content=\"article\" \/>\n<meta property=\"og:title\" content=\"Sitemap en castellano | Arpe \u00d3ptica\" \/>\n<meta property=\"og:description\" content=\"En esta secci\u00f3n puedes encontrar de forma clara y organizada todas las p\u00e1ginas disponibles en la web de Arpe \u00d3ptica en castellano\" \/>\n<meta property=\"og:url\" content=\"https:\/\/arpeoptica.com\/es\/sitemap\/\" \/>\n<meta property=\"og:site_name\" content=\"Arpe \u00d3ptica\" \/>\n<meta property=\"article:modified_time\" content=\"2025-07-23T10:11:00+00:00\" \/>\n<meta name=\"twitter:card\" content=\"summary_large_image\" \/>\n<meta name=\"twitter:label1\" content=\"Tiempo de lectura\" \/>\n\t<meta name=\"twitter:data1\" content=\"1 minuto\" \/>\n<script type=\"application\/ld+json\" class=\"yoast-schema-graph\">{\"@context\":\"https:\\\/\\\/schema.org\",\"@graph\":[{\"@type\":\"WebPage\",\"@id\":\"https:\\\/\\\/arpeoptica.com\\\/es\\\/sitemap\\\/\",\"url\":\"https:\\\/\\\/arpeoptica.com\\\/es\\\/sitemap\\\/\",\"name\":\"Sitemap en castellano | Arpe \u00d3ptica\",\"isPartOf\":{\"@id\":\"https:\\\/\\\/arpeoptica.com\\\/es\\\/#website\"},\"datePublished\":\"2025-07-14T08:41:38+00:00\",\"dateModified\":\"2025-07-23T10:11:00+00:00\",\"description\":\"En esta secci\u00f3n puedes encontrar de forma clara y organizada todas las p\u00e1ginas disponibles en la web de Arpe \u00d3ptica en castellano\",\"breadcrumb\":{\"@id\":\"https:\\\/\\\/arpeoptica.com\\\/es\\\/sitemap\\\/#breadcrumb\"},\"inLanguage\":\"es\",\"potentialAction\":[{\"@type\":\"ReadAction\",\"target\":[\"https:\\\/\\\/arpeoptica.com\\\/es\\\/sitemap\\\/\"]}]},{\"@type\":\"BreadcrumbList\",\"@id\":\"https:\\\/\\\/arpeoptica.com\\\/es\\\/sitemap\\\/#breadcrumb\",\"itemListElement\":[{\"@type\":\"ListItem\",\"position\":1,\"name\":\"Portada\",\"item\":\"https:\\\/\\\/arpeoptica.com\\\/es\\\/\"},{\"@type\":\"ListItem\",\"position\":2,\"name\":\"sitemap\"}]},{\"@type\":\"WebSite\",\"@id\":\"https:\\\/\\\/arpeoptica.com\\\/es\\\/#website\",\"url\":\"https:\\\/\\\/arpeoptica.com\\\/es\\\/\",\"name\":\"Arpe \u00d3ptica\",\"description\":\"Tu \u00f3ptica de confianza en Oliva, Valencia\",\"potentialAction\":[{\"@type\":\"SearchAction\",\"target\":{\"@type\":\"EntryPoint\",\"urlTemplate\":\"https:\\\/\\\/arpeoptica.com\\\/es\\\/?s={search_term_string}\"},\"query-input\":{\"@type\":\"PropertyValueSpecification\",\"valueRequired\":true,\"valueName\":\"search_term_string\"}}],\"inLanguage\":\"es\"}]}<\/script>\n<!-- \/ Yoast SEO plugin. -->","yoast_head_json":{"title":"Sitemap en castellano | Arpe \u00d3ptica","description":"En esta secci\u00f3n puedes encontrar de forma clara y organizada todas las p\u00e1ginas disponibles en la web de Arpe \u00d3ptica en castellano","robots":{"index":"index","follow":"follow","max-snippet":"max-snippet:-1","max-image-preview":"max-image-preview:large","max-video-preview":"max-video-preview:-1"},"canonical":"https:\/\/arpeoptica.com\/es\/sitemap\/","og_locale":"es_ES","og_type":"article","og_title":"Sitemap en castellano | Arpe \u00d3ptica","og_description":"En esta secci\u00f3n puedes encontrar de forma clara y organizada todas las p\u00e1ginas disponibles en la web de Arpe \u00d3ptica en castellano","og_url":"https:\/\/arpeoptica.com\/es\/sitemap\/","og_site_name":"Arpe \u00d3ptica","article_modified_time":"2025-07-23T10:11:00+00:00","twitter_card":"summary_large_image","twitter_misc":{"Tiempo de lectura":"1 minuto"},"schema":{"@context":"https:\/\/schema.org","@graph":[{"@type":"WebPage","@id":"https:\/\/arpeoptica.com\/es\/sitemap\/","url":"https:\/\/arpeoptica.com\/es\/sitemap\/","name":"Sitemap en castellano | Arpe \u00d3ptica","isPartOf":{"@id":"https:\/\/arpeoptica.com\/es\/#website"},"datePublished":"2025-07-14T08:41:38+00:00","dateModified":"2025-07-23T10:11:00+00:00","description":"En esta secci\u00f3n puedes encontrar de forma clara y organizada todas las p\u00e1ginas disponibles en la web de Arpe \u00d3ptica en castellano","breadcrumb":{"@id":"https:\/\/arpeoptica.com\/es\/sitemap\/#breadcrumb"},"inLanguage":"es","potentialAction":[{"@type":"ReadAction","target":["https:\/\/arpeoptica.com\/es\/sitemap\/"]}]},{"@type":"BreadcrumbList","@id":"https:\/\/arpeoptica.com\/es\/sitemap\/#breadcrumb","itemListElement":[{"@type":"ListItem","position":1,"name":"Portada","item":"https:\/\/arpeoptica.com\/es\/"},{"@type":"ListItem","position":2,"name":"sitemap"}]},{"@type":"WebSite","@id":"https:\/\/arpeoptica.com\/es\/#website","url":"https:\/\/arpeoptica.com\/es\/","name":"Arpe \u00d3ptica","description":"Tu \u00f3ptica de confianza en Oliva, Valencia","potentialAction":[{"@type":"SearchAction","target":{"@type":"EntryPoint","urlTemplate":"https:\/\/arpeoptica.com\/es\/?s={search_term_string}"},"query-input":{"@type":"PropertyValueSpecification","valueRequired":true,"valueName":"search_term_string"}}],"inLanguage":"es"}]}},"_links":{"self":[{"href":"https:\/\/arpeoptica.com\/es\/wp-json\/wp\/v2\/pages\/655","targetHints":{"allow":["GET"]}}],"collection":[{"href":"https:\/\/arpeoptica.com\/es\/wp-json\/wp\/v2\/pages"}],"about":[{"href":"https:\/\/arpeoptica.com\/es\/wp-json\/wp\/v2\/types\/page"}],"author":[{"embeddable":true,"href":"https:\/\/arpeoptica.com\/es\/wp-json\/wp\/v2\/users\/1"}],"replies":[{"embeddable":true,"href":"https:\/\/arpeoptica.com\/es\/wp-json\/wp\/v2\/comments?post=655"}],"version-history":[{"count":5,"href":"https:\/\/arpeoptica.com\/es\/wp-json\/wp\/v2\/pages\/655\/revisions"}],"predecessor-version":[{"id":727,"href":"https:\/\/arpeoptica.com\/es\/wp-json\/wp\/v2\/pages\/655\/revisions\/727"}],"wp:attachment":[{"href":"https:\/\/arpeoptica.com\/es\/wp-json\/wp\/v2\/media?parent=655"}],"curies":[{"name":"wp","href":"https:\/\/api.w.org\/{rel}","templated":true}]}}